{"id":1831,"date":"2018-11-30T11:21:23","date_gmt":"2018-11-30T10:21:23","guid":{"rendered":"http:\/\/adearlimousin.com\/?page_id=1831"},"modified":"2026-03-19T10:26:44","modified_gmt":"2026-03-19T09:26:44","slug":"actions-collectives-et-formations","status":"publish","type":"page","link":"https:\/\/adearlimousin.com\/index.php\/transmission\/actions-collectives-et-formations\/","title":{"rendered":"Anticiper sa transmission en formation"},"content":{"rendered":"\n<p>L&rsquo;ADEAR Limousin organise des formations pour pr\u00e9parer la transmission de sa ferme, ainsi que des rencontres collectives. <\/p>\n\n\n\n<p>Pour des paysans et des paysannes nombreux\u00b7ses, l&rsquo;ADEAR Limousin accompagne les c\u00e9dants \u00e0 l&rsquo;approche de la retraite dans leur recherche et leur transmission \u00e0 des repreneurs. <\/p>\n\n\n\n<ul class=\"wp-block-list\">\n<li><strong>Une formation \u00ab\u00a0Anticiper sa transmission\u00a0\u00bb <\/strong>pour avancer dans son projet : r\u00e9pondre \u00e0 vos questions juridiques\/fiscales et appr\u00e9hender la relation avec le(s) porteur(s) de projet(s).<br><strong>>> Prochaine session 2026 : dates \u00e0 venir en hiver<\/strong><\/li>\n<\/ul>\n\n\n\n<div class=\"wp-block-uagb-image aligncenter uagb-block-9818673f wp-block-uagb-image--layout-default wp-block-uagb-image--effect-static wp-block-uagb-image--align-center\"><figure class=\"wp-block-uagb-image__figure\"><img decoding=\"async\" srcset=\"https:\/\/adearlimousin.com\/wp-content\/uploads\/2026\/01\/Transmission-nouvelles-dates-1024x1024.png ,https:\/\/adearlimousin.com\/wp-content\/uploads\/2026\/01\/Transmission-nouvelles-dates.png 780w, https:\/\/adearlimousin.com\/wp-content\/uploads\/2026\/01\/Transmission-nouvelles-dates.png 360w\" sizes=\"auto, (max-width: 480px) 150px\" src=\"https:\/\/adearlimousin.com\/wp-content\/uploads\/2026\/01\/Transmission-nouvelles-dates-1024x1024.png\" alt=\"\" class=\"uag-image-8581\" width=\"385\" height=\"358\" title=\"Transmission nouvelles dates\" loading=\"lazy\" role=\"img\"\/><\/figure><\/div>\n\n\n\n<p class=\"has-text-align-center\"><a href=\"https:\/\/www.canva.com\/design\/DAGWdzFzY2s\/SfRjE7Y7z_qqUNwmS8dxhg\/view?utm_content=DAGWdzFzY2s&amp;utm_campaign=designshare&amp;utm_medium=link2&amp;utm_source=uniquelinks&amp;utlId=hac6f211998\" target=\"_blank\" rel=\"noreferrer noopener\"><strong>&gt;&gt;&gt;   Voir le programme ICI   &lt;&lt;&lt;<\/strong><\/a><\/p>\n\n\n<ul>\n<li>La <strong>mise en lien <\/strong>avec des porteurs de projet : accompagnement apr\u00e8s une visite de ferme pour planifier les \u00e9tapes \u00e0 suivre avec le\/les porteur\/s de projet.<\/li>\n<li><strong>Des rencontres toutes les 3 semaines<\/strong> qui sont l&rsquo;occasion de connaitre le parcours \u00e0 l&rsquo;installation et de rencontrer des porteurs de projet, comprendre leurs questions et attentes. Les prochaines dates en cliquant : <strong><a href=\"https:\/\/adearlimousin.com\/evenements\/liste\/?tribe-bar-search=rendez-vous+installation\" target=\"_blank\" rel=\"noopener\">ici\u00a0<\/a><\/strong><\/li>\n<li>Des<strong> temps d\u2019\u00e9change <\/strong>organis\u00e9s chaque ann\u00e9es avec les partenaires : l\u2019occasion d\u2019\u00e9changer sur son projet, ses envies et ses craintes.<\/li>\n<li><strong>Visite de votre ferme <\/strong>avec des porteurs de projet<strong>s<\/strong><\/li>\n<\/ul>\n<p><em>Contactez nous pour en savoir plus ou pour prendre rendez-vous au <\/em><strong><em>05 87 50 41 03<\/em> \/ 06 38 04 72 19 \/ <em>manonk @ adearlimousin . com<\/em><\/strong><\/p>\n<h6>\u00a0<\/h6>\n\n\n<figure class=\"wp-block-gallery has-nested-images columns-default is-cropped wp-block-gallery-1 is-layout-flex wp-block-gallery-is-layout-flex\">\n<figure class=\"wp-block-image size-large\"><img loading=\"lazy\" decoding=\"async\" width=\"1024\" height=\"768\" data-id=\"7857\" src=\"https:\/\/adearlimousin.com\/wp-content\/uploads\/2024\/11\/P1230990-1024x768.jpg\" alt=\"\" class=\"wp-image-7857\" srcset=\"https:\/\/adearlimousin.com\/wp-content\/uploads\/2024\/11\/P1230990-1024x768.jpg 1024w, https:\/\/adearlimousin.com\/wp-content\/uploads\/2024\/11\/P1230990-300x225.jpg 300w, https:\/\/adearlimousin.com\/wp-content\/uploads\/2024\/11\/P1230990-768x576.jpg 768w, https:\/\/adearlimousin.com\/wp-content\/uploads\/2024\/11\/P1230990-1536x1152.jpg 1536w, https:\/\/adearlimousin.com\/wp-content\/uploads\/2024\/11\/P1230990-2048x1536.jpg 2048w, https:\/\/adearlimousin.com\/wp-content\/uploads\/2024\/11\/P1230990-507x380.jpg 507w, https:\/\/adearlimousin.com\/wp-content\/uploads\/2024\/11\/P1230990-1320x990.jpg 1320w\" sizes=\"auto, (max-width: 1024px) 100vw, 1024px\" \/><\/figure>\n\n\n\n<figure class=\"wp-block-image size-large\"><img loading=\"lazy\" decoding=\"async\" width=\"1024\" height=\"768\" data-id=\"7858\" src=\"https:\/\/adearlimousin.com\/wp-content\/uploads\/2024\/11\/20220105_145459-1024x768.jpg\" alt=\"\" class=\"wp-image-7858\" srcset=\"https:\/\/adearlimousin.com\/wp-content\/uploads\/2024\/11\/20220105_145459-1024x768.jpg 1024w, https:\/\/adearlimousin.com\/wp-content\/uploads\/2024\/11\/20220105_145459-300x225.jpg 300w, https:\/\/adearlimousin.com\/wp-content\/uploads\/2024\/11\/20220105_145459-768x576.jpg 768w, https:\/\/adearlimousin.com\/wp-content\/uploads\/2024\/11\/20220105_145459-1536x1152.jpg 1536w, https:\/\/adearlimousin.com\/wp-content\/uploads\/2024\/11\/20220105_145459-2048x1536.jpg 2048w, https:\/\/adearlimousin.com\/wp-content\/uploads\/2024\/11\/20220105_145459-507x380.jpg 507w, https:\/\/adearlimousin.com\/wp-content\/uploads\/2024\/11\/20220105_145459-1320x990.jpg 1320w\" sizes=\"auto, (max-width: 1024px) 100vw, 1024px\" \/><\/figure>\n\n\n\n<figure class=\"wp-block-image size-large\"><img loading=\"lazy\" decoding=\"async\" width=\"1024\" height=\"768\" data-id=\"7859\" src=\"https:\/\/adearlimousin.com\/wp-content\/uploads\/2024\/11\/20220302_140803-1024x768.jpg\" alt=\"\" class=\"wp-image-7859\" srcset=\"https:\/\/adearlimousin.com\/wp-content\/uploads\/2024\/11\/20220302_140803-1024x768.jpg 1024w, https:\/\/adearlimousin.com\/wp-content\/uploads\/2024\/11\/20220302_140803-300x225.jpg 300w, https:\/\/adearlimousin.com\/wp-content\/uploads\/2024\/11\/20220302_140803-768x576.jpg 768w, https:\/\/adearlimousin.com\/wp-content\/uploads\/2024\/11\/20220302_140803-1536x1152.jpg 1536w, https:\/\/adearlimousin.com\/wp-content\/uploads\/2024\/11\/20220302_140803-2048x1536.jpg 2048w, https:\/\/adearlimousin.com\/wp-content\/uploads\/2024\/11\/20220302_140803-507x380.jpg 507w, https:\/\/adearlimousin.com\/wp-content\/uploads\/2024\/11\/20220302_140803-1320x990.jpg 1320w\" sizes=\"auto, (max-width: 1024px) 100vw, 1024px\" \/><\/figure>\n\n\n\n<figure class=\"wp-block-image size-large\"><img loading=\"lazy\" decoding=\"async\" width=\"1024\" height=\"768\" data-id=\"7860\" src=\"https:\/\/adearlimousin.com\/wp-content\/uploads\/2024\/11\/bovins-agric-1024x768.jpg\" alt=\"\" class=\"wp-image-7860\" srcset=\"https:\/\/adearlimousin.com\/wp-content\/uploads\/2024\/11\/bovins-agric-1024x768.jpg 1024w, https:\/\/adearlimousin.com\/wp-content\/uploads\/2024\/11\/bovins-agric-300x225.jpg 300w, https:\/\/adearlimousin.com\/wp-content\/uploads\/2024\/11\/bovins-agric-768x576.jpg 768w, https:\/\/adearlimousin.com\/wp-content\/uploads\/2024\/11\/bovins-agric-1536x1152.jpg 1536w, https:\/\/adearlimousin.com\/wp-content\/uploads\/2024\/11\/bovins-agric-507x380.jpg 507w, https:\/\/adearlimousin.com\/wp-content\/uploads\/2024\/11\/bovins-agric-1320x990.jpg 1320w, https:\/\/adearlimousin.com\/wp-content\/uploads\/2024\/11\/bovins-agric.jpg 2048w\" sizes=\"auto, (max-width: 1024px) 100vw, 1024px\" \/><\/figure>\n\n\n\n<figure class=\"wp-block-image size-large\"><img loading=\"lazy\" decoding=\"async\" width=\"793\" height=\"278\" data-id=\"7861\" src=\"https:\/\/adearlimousin.com\/wp-content\/uploads\/2024\/11\/image.png\" alt=\"\" class=\"wp-image-7861\" srcset=\"https:\/\/adearlimousin.com\/wp-content\/uploads\/2024\/11\/image.png 793w, https:\/\/adearlimousin.com\/wp-content\/uploads\/2024\/11\/image-300x105.png 300w, https:\/\/adearlimousin.com\/wp-content\/uploads\/2024\/11\/image-768x269.png 768w\" sizes=\"auto, (max-width: 793px) 100vw, 793px\" \/><\/figure>\n<\/figure>\n","protected":false},"excerpt":{"rendered":"<p>L&rsquo;ADEAR Limousin organise des formations pour pr\u00e9parer la transmission de sa ferme, ainsi que des rencontres collectives. Pour des paysans et des paysannes nombreux\u00b7ses, l&rsquo;ADEAR Limousin accompagne les c\u00e9dants \u00e0 &hellip; <a href=\"https:\/\/adearlimousin.com\/index.php\/transmission\/actions-collectives-et-formations\/\" class=\"more-link\">Lire la suite <span class=\"screen-reader-text\">Anticiper sa transmission en formation<\/span><\/a><\/p>\n","protected":false},"author":1,"featured_media":0,"parent":21,"menu_order":0,"comment_status":"closed","ping_status":"closed","template":"","meta":{"_uag_custom_page_level_css":"","_EventAllDay":false,"_EventTimezone":"","_EventStartDate":"","_EventEndDate":"","_EventStartDateUTC":"","_EventEndDateUTC":"","_EventShowMap":false,"_EventShowMapLink":false,"_EventURL":"","_EventCost":"","_EventCostDescription":"","_EventCurrencySymbol":"","_EventCurrencyCode":"","_EventCurrencyPosition":"","_EventDateTimeSeparator":"","_EventTimeRangeSeparator":"","_EventOrganizerID":[],"_EventVenueID":[],"_OrganizerEmail":"","_OrganizerPhone":"","_OrganizerWebsite":"","_VenueAddress":"","_VenueCity":"","_VenueCountry":"","_VenueProvince":"","_VenueState":"","_VenueZip":"","_VenuePhone":"","_VenueURL":"","_VenueStateProvince":"","_VenueLat":"","_VenueLng":"","_VenueShowMap":false,"_VenueShowMapLink":false,"footnotes":""},"class_list":["post-1831","page","type-page","status-publish","hentry","without-featured-image"],"yoast_head":"<!-- This site is optimized with the Yoast SEO plugin v27.1.1 - https:\/\/yoast.com\/product\/yoast-seo-wordpress\/ -->\n<title>Anticiper sa transmission en formation - ADEAR Limousin<\/title>\n<meta name=\"description\" content=\"L&#039;ADEAR Limousin accompagne les c\u00e9dants \u00e0 l&#039;approche de la retraite dans leur recherche et leur transmission \u00e0 des repreneurs.\" \/>\n<meta name=\"robots\" content=\"index, follow, max-snippet:-1, max-image-preview:large, max-video-preview:-1\" \/>\n<link rel=\"canonical\" href=\"https:\/\/adearlimousin.com\/index.php\/transmission\/actions-collectives-et-formations\/\" \/>\n<meta property=\"og:locale\" content=\"fr_FR\" \/>\n<meta property=\"og:type\" content=\"article\" \/>\n<meta property=\"og:title\" content=\"Anticiper sa transmission en formation - ADEAR Limousin\" \/>\n<meta property=\"og:description\" content=\"L&#039;ADEAR Limousin accompagne les c\u00e9dants \u00e0 l&#039;approche de la retraite dans leur recherche et leur transmission \u00e0 des repreneurs.\" \/>\n<meta property=\"og:url\" content=\"https:\/\/adearlimousin.com\/index.php\/transmission\/actions-collectives-et-formations\/\" \/>\n<meta property=\"og:site_name\" content=\"ADEAR Limousin\" \/>\n<meta property=\"article:publisher\" content=\"https:\/\/www.facebook.com\/adearlimousin\" \/>\n<meta property=\"article:modified_time\" content=\"2026-03-19T09:26:44+00:00\" \/>\n<meta property=\"og:image\" content=\"https:\/\/adearlimousin.com\/wp-content\/uploads\/2026\/01\/Transmission-nouvelles-dates-1024x1024.png\" \/>\n<meta name=\"twitter:card\" content=\"summary_large_image\" \/>\n<meta name=\"twitter:label1\" content=\"Dur\u00e9e de lecture estim\u00e9e\" \/>\n\t<meta name=\"twitter:data1\" content=\"3 minutes\" \/>\n<script type=\"application\/ld+json\" class=\"yoast-schema-graph\">{\"@context\":\"https:\/\/schema.org\",\"@graph\":[{\"@type\":\"WebPage\",\"@id\":\"https:\/\/adearlimousin.com\/index.php\/transmission\/actions-collectives-et-formations\/\",\"url\":\"https:\/\/adearlimousin.com\/index.php\/transmission\/actions-collectives-et-formations\/\",\"name\":\"Anticiper sa transmission en formation - ADEAR Limousin\",\"isPartOf\":{\"@id\":\"https:\/\/adearlimousin.com\/#website\"},\"primaryImageOfPage\":{\"@id\":\"https:\/\/adearlimousin.com\/index.php\/transmission\/actions-collectives-et-formations\/#primaryimage\"},\"image\":{\"@id\":\"https:\/\/adearlimousin.com\/index.php\/transmission\/actions-collectives-et-formations\/#primaryimage\"},\"thumbnailUrl\":\"https:\/\/adearlimousin.com\/wp-content\/uploads\/2026\/01\/Transmission-nouvelles-dates-1024x1024.png\",\"datePublished\":\"2018-11-30T10:21:23+00:00\",\"dateModified\":\"2026-03-19T09:26:44+00:00\",\"description\":\"L'ADEAR Limousin accompagne les c\u00e9dants \u00e0 l'approche de la retraite dans leur recherche et leur transmission \u00e0 des repreneurs.\",\"breadcrumb\":{\"@id\":\"https:\/\/adearlimousin.com\/index.php\/transmission\/actions-collectives-et-formations\/#breadcrumb\"},\"inLanguage\":\"fr-FR\",\"potentialAction\":[{\"@type\":\"ReadAction\",\"target\":[\"https:\/\/adearlimousin.com\/index.php\/transmission\/actions-collectives-et-formations\/\"]}]},{\"@type\":\"ImageObject\",\"inLanguage\":\"fr-FR\",\"@id\":\"https:\/\/adearlimousin.com\/index.php\/transmission\/actions-collectives-et-formations\/#primaryimage\",\"url\":\"https:\/\/adearlimousin.com\/wp-content\/uploads\/2026\/01\/Transmission-nouvelles-dates.png\",\"contentUrl\":\"https:\/\/adearlimousin.com\/wp-content\/uploads\/2026\/01\/Transmission-nouvelles-dates.png\",\"width\":1080,\"height\":1080},{\"@type\":\"BreadcrumbList\",\"@id\":\"https:\/\/adearlimousin.com\/index.php\/transmission\/actions-collectives-et-formations\/#breadcrumb\",\"itemListElement\":[{\"@type\":\"ListItem\",\"position\":1,\"name\":\"Accueil\",\"item\":\"https:\/\/adearlimousin.com\/\"},{\"@type\":\"ListItem\",\"position\":2,\"name\":\"Transmission\",\"item\":\"https:\/\/adearlimousin.com\/index.php\/transmission\/\"},{\"@type\":\"ListItem\",\"position\":3,\"name\":\"Anticiper sa transmission en formation\"}]},{\"@type\":\"WebSite\",\"@id\":\"https:\/\/adearlimousin.com\/#website\",\"url\":\"https:\/\/adearlimousin.com\/\",\"name\":\"ADEAR Limousin\",\"description\":\"\u00catre paysan\u00b7ne en Limousin\",\"publisher\":{\"@id\":\"https:\/\/adearlimousin.com\/#organization\"},\"potentialAction\":[{\"@type\":\"SearchAction\",\"target\":{\"@type\":\"EntryPoint\",\"urlTemplate\":\"https:\/\/adearlimousin.com\/?s={search_term_string}\"},\"query-input\":{\"@type\":\"PropertyValueSpecification\",\"valueRequired\":true,\"valueName\":\"search_term_string\"}}],\"inLanguage\":\"fr-FR\"},{\"@type\":\"Organization\",\"@id\":\"https:\/\/adearlimousin.com\/#organization\",\"name\":\"Adear Limousin\",\"url\":\"https:\/\/adearlimousin.com\/\",\"logo\":{\"@type\":\"ImageObject\",\"inLanguage\":\"fr-FR\",\"@id\":\"https:\/\/adearlimousin.com\/#\/schema\/logo\/image\/\",\"url\":\"https:\/\/adearlimousin.com\/wp-content\/uploads\/2017\/04\/ADEARLimousin-RAP_V14cm.jpg\",\"contentUrl\":\"https:\/\/adearlimousin.com\/wp-content\/uploads\/2017\/04\/ADEARLimousin-RAP_V14cm.jpg\",\"width\":142,\"height\":118,\"caption\":\"Adear Limousin\"},\"image\":{\"@id\":\"https:\/\/adearlimousin.com\/#\/schema\/logo\/image\/\"},\"sameAs\":[\"https:\/\/www.facebook.com\/adearlimousin\"]}]}<\/script>\n<!-- \/ Yoast SEO plugin. -->","yoast_head_json":{"title":"Anticiper sa transmission en formation - ADEAR Limousin","description":"L'ADEAR Limousin accompagne les c\u00e9dants \u00e0 l'approche de la retraite dans leur recherche et leur transmission \u00e0 des repreneurs.","robots":{"index":"index","follow":"follow","max-snippet":"max-snippet:-1","max-image-preview":"max-image-preview:large","max-video-preview":"max-video-preview:-1"},"canonical":"https:\/\/adearlimousin.com\/index.php\/transmission\/actions-collectives-et-formations\/","og_locale":"fr_FR","og_type":"article","og_title":"Anticiper sa transmission en formation - ADEAR Limousin","og_description":"L'ADEAR Limousin accompagne les c\u00e9dants \u00e0 l'approche de la retraite dans leur recherche et leur transmission \u00e0 des repreneurs.","og_url":"https:\/\/adearlimousin.com\/index.php\/transmission\/actions-collectives-et-formations\/","og_site_name":"ADEAR Limousin","article_publisher":"https:\/\/www.facebook.com\/adearlimousin","article_modified_time":"2026-03-19T09:26:44+00:00","og_image":[{"url":"https:\/\/adearlimousin.com\/wp-content\/uploads\/2026\/01\/Transmission-nouvelles-dates-1024x1024.png","type":"","width":"","height":""}],"twitter_card":"summary_large_image","twitter_misc":{"Dur\u00e9e de lecture estim\u00e9e":"3 minutes"},"schema":{"@context":"https:\/\/schema.org","@graph":[{"@type":"WebPage","@id":"https:\/\/adearlimousin.com\/index.php\/transmission\/actions-collectives-et-formations\/","url":"https:\/\/adearlimousin.com\/index.php\/transmission\/actions-collectives-et-formations\/","name":"Anticiper sa transmission en formation - ADEAR Limousin","isPartOf":{"@id":"https:\/\/adearlimousin.com\/#website"},"primaryImageOfPage":{"@id":"https:\/\/adearlimousin.com\/index.php\/transmission\/actions-collectives-et-formations\/#primaryimage"},"image":{"@id":"https:\/\/adearlimousin.com\/index.php\/transmission\/actions-collectives-et-formations\/#primaryimage"},"thumbnailUrl":"https:\/\/adearlimousin.com\/wp-content\/uploads\/2026\/01\/Transmission-nouvelles-dates-1024x1024.png","datePublished":"2018-11-30T10:21:23+00:00","dateModified":"2026-03-19T09:26:44+00:00","description":"L'ADEAR Limousin accompagne les c\u00e9dants \u00e0 l'approche de la retraite dans leur recherche et leur transmission \u00e0 des repreneurs.","breadcrumb":{"@id":"https:\/\/adearlimousin.com\/index.php\/transmission\/actions-collectives-et-formations\/#breadcrumb"},"inLanguage":"fr-FR","potentialAction":[{"@type":"ReadAction","target":["https:\/\/adearlimousin.com\/index.php\/transmission\/actions-collectives-et-formations\/"]}]},{"@type":"ImageObject","inLanguage":"fr-FR","@id":"https:\/\/adearlimousin.com\/index.php\/transmission\/actions-collectives-et-formations\/#primaryimage","url":"https:\/\/adearlimousin.com\/wp-content\/uploads\/2026\/01\/Transmission-nouvelles-dates.png","contentUrl":"https:\/\/adearlimousin.com\/wp-content\/uploads\/2026\/01\/Transmission-nouvelles-dates.png","width":1080,"height":1080},{"@type":"BreadcrumbList","@id":"https:\/\/adearlimousin.com\/index.php\/transmission\/actions-collectives-et-formations\/#breadcrumb","itemListElement":[{"@type":"ListItem","position":1,"name":"Accueil","item":"https:\/\/adearlimousin.com\/"},{"@type":"ListItem","position":2,"name":"Transmission","item":"https:\/\/adearlimousin.com\/index.php\/transmission\/"},{"@type":"ListItem","position":3,"name":"Anticiper sa transmission en formation"}]},{"@type":"WebSite","@id":"https:\/\/adearlimousin.com\/#website","url":"https:\/\/adearlimousin.com\/","name":"ADEAR Limousin","description":"\u00catre paysan\u00b7ne en Limousin","publisher":{"@id":"https:\/\/adearlimousin.com\/#organization"},"potentialAction":[{"@type":"SearchAction","target":{"@type":"EntryPoint","urlTemplate":"https:\/\/adearlimousin.com\/?s={search_term_string}"},"query-input":{"@type":"PropertyValueSpecification","valueRequired":true,"valueName":"search_term_string"}}],"inLanguage":"fr-FR"},{"@type":"Organization","@id":"https:\/\/adearlimousin.com\/#organization","name":"Adear Limousin","url":"https:\/\/adearlimousin.com\/","logo":{"@type":"ImageObject","inLanguage":"fr-FR","@id":"https:\/\/adearlimousin.com\/#\/schema\/logo\/image\/","url":"https:\/\/adearlimousin.com\/wp-content\/uploads\/2017\/04\/ADEARLimousin-RAP_V14cm.jpg","contentUrl":"https:\/\/adearlimousin.com\/wp-content\/uploads\/2017\/04\/ADEARLimousin-RAP_V14cm.jpg","width":142,"height":118,"caption":"Adear Limousin"},"image":{"@id":"https:\/\/adearlimousin.com\/#\/schema\/logo\/image\/"},"sameAs":["https:\/\/www.facebook.com\/adearlimousin"]}]}},"uagb_featured_image_src":{"full":false,"thumbnail":false,"medium":false,"medium_large":false,"large":false,"1536x1536":false,"2048x2048":false,"post-thumbnail":false,"sela-hero-thumbnail":false,"sela-page-thumbnail":false,"sela-grid-thumbnail":false,"sela-testimonial-thumbnail":false,"sela-logo":false},"uagb_author_info":{"display_name":"Adearlim","author_link":"https:\/\/adearlimousin.com\/index.php\/author\/admin3869\/"},"uagb_comment_info":0,"uagb_excerpt":"L&rsquo;ADEAR Limousin organise des formations pour pr\u00e9parer la transmission de sa ferme, ainsi que des rencontres collectives. Pour des paysans et des paysannes nombreux\u00b7ses, l&rsquo;ADEAR Limousin accompagne les c\u00e9dants \u00e0 &hellip; Lire la suite Anticiper sa transmission en formation","jetpack_sharing_enabled":true,"jetpack_shortlink":"https:\/\/wp.me\/P8DPFj-tx","jetpack_likes_enabled":false,"_links":{"self":[{"href":"https:\/\/adearlimousin.com\/index.php\/wp-json\/wp\/v2\/pages\/1831","targetHints":{"allow":["GET"]}}],"collection":[{"href":"https:\/\/adearlimousin.com\/index.php\/wp-json\/wp\/v2\/pages"}],"about":[{"href":"https:\/\/adearlimousin.com\/index.php\/wp-json\/wp\/v2\/types\/page"}],"author":[{"embeddable":true,"href":"https:\/\/adearlimousin.com\/index.php\/wp-json\/wp\/v2\/users\/1"}],"replies":[{"embeddable":true,"href":"https:\/\/adearlimousin.com\/index.php\/wp-json\/wp\/v2\/comments?post=1831"}],"version-history":[{"count":56,"href":"https:\/\/adearlimousin.com\/index.php\/wp-json\/wp\/v2\/pages\/1831\/revisions"}],"predecessor-version":[{"id":8673,"href":"https:\/\/adearlimousin.com\/index.php\/wp-json\/wp\/v2\/pages\/1831\/revisions\/8673"}],"up":[{"embeddable":true,"href":"https:\/\/adearlimousin.com\/index.php\/wp-json\/wp\/v2\/pages\/21"}],"wp:attachment":[{"href":"https:\/\/adearlimousin.com\/index.php\/wp-json\/wp\/v2\/media?parent=1831"}],"curies":[{"name":"wp","href":"https:\/\/api.w.org\/{rel}","templated":true}]}}