{"id":3080,"date":"2019-09-09T12:52:44","date_gmt":"2019-09-09T10:52:44","guid":{"rendered":"https:\/\/adearlimousin.com\/?page_id=3080"},"modified":"2026-03-05T16:59:35","modified_gmt":"2026-03-05T15:59:35","slug":"valorisation-laine","status":"publish","type":"page","link":"https:\/\/adearlimousin.com\/index.php\/valorisation-laine\/","title":{"rendered":"Valorisation de la laine"},"content":{"rendered":"\n<p style=\"font-size:16px\">L&rsquo;ADEAR Limousin anime un groupe d&rsquo;\u00e9change technique entre \u00e9leveurs et \u00e9leveuses sur la valorisation de la laine. L&rsquo;objectif est de permettre aux \u00e9leveurs et \u00e9leveuses de ma\u00eetriser au maximum la valorisation de leur laine afin de cr\u00e9er de la valeur ajout\u00e9e sur leur exploitation et en local. <br><strong>Des temps d&rsquo;\u00e9changes et formations <\/strong>sont donc r\u00e9guli\u00e8rement organis\u00e9s autour de la valorisation des laines locales : <em>Tri de la laine, s\u00e9lection, qualit\u00e9 des laines locales, diff\u00e9rentes techniques de valorisation&#8230; <\/em><\/p>\n\n\n\n<p>Pour rejoindre le groupe et recevoir ses actualit\u00e9s, merci de <strong>vous inscrire <a href=\"https:\/\/8b81c599.sibforms.com\/serve\/MUIFADeJbez9QcuoSu7A-K7Qq0QTupEm_0IaorH6ms0cJqPae7VWCs4W5o0PHuyDrj6FurzU5HUn9JZux-mMyNL_lHb1AD2_KGLtdq6Lu7rB1OoWmvndimkbn2e6ZOn7TdbCdRMTLh3QTeJN7JZSqBQn7A5r-EbIFfTR_VNAYcbnuuJYykPQYevIj_DbmfIBvlGvCZvVykn47cVx\">en cliquant sur ce lien<\/a>.<\/strong><\/p>\n\n\n\n<p style=\"font-size:16px\">&#8211;&gt; D\u00e9couvrez le groupe laine en vid\u00e9o gr\u00e2ce \u00e0 ce contenu r\u00e9alis\u00e9 dans le cadre du projet \u00ab\u00a0Demain la laine\u00a0\u00bb, mont\u00e9e par Clara Lagrange et film\u00e9 Juliette Couillard. L\u2019\u00e9v\u00e8nement et le projet a \u00e9t\u00e9 pens\u00e9 et cr\u00e9e par la promotion du Master 2 s\u00e9miotique de la soci\u00e9t\u00e9 de communication de l&rsquo;Universit\u00e9 de Limoges.<\/p>\n\n\n\n<figure class=\"wp-block-embed is-type-video is-provider-youtube wp-block-embed-youtube wp-embed-aspect-16-9 wp-has-aspect-ratio\"><div class=\"wp-block-embed__wrapper\">\n<div class=\"jetpack-video-wrapper\"><span class=\"embed-youtube\" style=\"text-align:center; display: block;\"><iframe loading=\"lazy\" class=\"youtube-player\" width=\"620\" height=\"349\" src=\"https:\/\/www.youtube.com\/embed\/WIcblIPyCC8?version=3&#038;rel=1&#038;showsearch=0&#038;showinfo=1&#038;iv_load_policy=1&#038;fs=1&#038;hl=fr-FR&#038;autohide=2&#038;wmode=transparent\" allowfullscreen=\"true\" style=\"border:0;\" sandbox=\"allow-scripts allow-same-origin allow-popups allow-presentation allow-popups-to-escape-sandbox\"><\/iframe><\/span><\/div>\n<\/div><\/figure>\n\n\n\n<h2 class=\"wp-block-heading\">Les comptes rendus de r\u00e9union du groupe :<\/h2>\n\n\n\n<ul class=\"wp-block-list\">\n<li><a href=\"https:\/\/adearlimousin.com\/wp-content\/uploads\/2026\/03\/CR-2025_12_15_Quelle-laine-pour-quels-usages.pdf\">Journ\u00e9e du 15 d\u00e9cembre 2025<\/a> &#8211; Quelle laine pour quels usages ?<\/li>\n\n\n\n<li><a href=\"https:\/\/adearlimousin.com\/wp-content\/uploads\/2025\/09\/CR-JT-Tonte-et-tri-3-juillet.pdf\">Journ\u00e9e du 3 juillet 2025<\/a> &#8211; Tonte et tri de la laine<\/li>\n\n\n\n<li><a href=\"https:\/\/adearlimousin.com\/wp-content\/uploads\/2025\/04\/CR-14-fevrier-2025.pdf\">Journ\u00e9e du 14 f\u00e9vrier 2025<\/a> &#8211; Valorisation de la laine en collectif<\/li>\n\n\n\n<li><a href=\"https:\/\/adearlimousin.com\/wp-content\/uploads\/2025\/04\/CR-laine-19-sept.pdf\">Journ\u00e9e du 19 septembre 2024<\/a> &#8211; D\u00e9velopper des valorisations collectives des laines limousines<\/li>\n<\/ul>\n\n\n\n<h2 class=\"wp-block-heading\">Les fiches techniques :<\/h2>\n\n\n\n<ul class=\"wp-block-list\">\n<li><a href=\"https:\/\/adearlimousin.com\/wp-content\/uploads\/2025\/04\/FT-Valorisation-collective-de-la-laine-1.pdf\">Fiche technique valorisation de la laine en collectif<\/a><\/li>\n\n\n\n<li><a href=\"https:\/\/adearlimousin.com\/wp-content\/uploads\/2025\/04\/Fiche-Qualite-laine-2023.pdf\">Fiche technique qualit\u00e9 de la laine et pratiques d&rsquo;\u00e9levage<\/a><\/li>\n<\/ul>\n\n\n\n<p class=\"has-text-align-center\">Avec le soutien financier de :<\/p>\n\n\n\n<div class=\"wp-block-uagb-image uagb-block-d66dab20 wp-block-uagb-image--layout-default wp-block-uagb-image--effect-static wp-block-uagb-image--align-none\"><figure class=\"wp-block-uagb-image__figure\"><img decoding=\"async\" srcset=\"https:\/\/adearlimousin.com\/wp-content\/uploads\/2025\/04\/LOGO_bloc_marque_cofi-6-1024x304.jpg ,https:\/\/adearlimousin.com\/wp-content\/uploads\/2025\/04\/LOGO_bloc_marque_cofi-6.jpg 780w, https:\/\/adearlimousin.com\/wp-content\/uploads\/2025\/04\/LOGO_bloc_marque_cofi-6.jpg 360w\" sizes=\"auto, (max-width: 480px) 150px\" src=\"https:\/\/adearlimousin.com\/wp-content\/uploads\/2025\/04\/LOGO_bloc_marque_cofi-6-1024x304.jpg\" alt=\"\" class=\"uag-image-8194\" width=\"364\" height=\"108\" title=\"LOGO_bloc_marque_cofi\" loading=\"lazy\" role=\"img\"\/><\/figure><\/div>\n\n\n\n<p>&#8211;&gt; Retrouvez nous dans ce reportage France 3 Nouvelle-Aquitaine sur la fili\u00e8re laine (NoA sur Terre &#8211; Laine de mouton : du fil \u00e0 retordre) :<\/p>\n\n\n\n<div class=\"wp-block-buttons is-content-justification-center is-layout-flex wp-container-core-buttons-is-layout-16018d1d wp-block-buttons-is-layout-flex\">\n<div class=\"wp-block-button is-style-fill\"><a class=\"wp-block-button__link has-text-align-center wp-element-button\" href=\"https:\/\/www.france.tv\/france-3\/nouvelle-aquitaine\/noa-sur-terre\/7194410-laine-de-mouton-du-fil-a-retordre.html\">Lien du reportage<\/a><\/div>\n<\/div>\n\n\n\n<div class=\"wp-block-uagb-separator uagb-block-5c8d1f9c\"><div class=\"uagb-separator-spacing-wrapper\"><div class=\"wp-block-uagb-separator__inner\" style=\"--my-background-image:\"><\/div><\/div><\/div>\n\n\n\n<p class=\"has-black-color has-text-color has-medium-font-size\"><strong>R\u00e9alis\u00e9 en 2024 : <\/strong><br>&gt;<a href=\"https:\/\/adearlimousin.com\/wp-content\/uploads\/2024\/10\/flyer-1-page.pdf\"> Voyage d&rsquo;\u00e9tudes sur la valorisation collective de la laine paysanne<\/a><\/p>\n\n\n\n<p class=\"has-black-color has-text-color has-medium-font-size\">&gt; <a href=\"https:\/\/adearlimousin.com\/wp-content\/uploads\/2024\/09\/Developper-des-valorisations-collectives-de-la-laine-Limousine.png\">Journ\u00e9e technique &#8211; d\u00e9velopper des valorisations collectives des laines limousines<\/a><\/p>\n\n\n\n<div class=\"wp-block-uagb-image uagb-block-d8cb06ae wp-block-uagb-image--layout-default wp-block-uagb-image--effect-static wp-block-uagb-image--align-none\"><figure class=\"wp-block-uagb-image__figure\"><img decoding=\"async\" srcset=\"https:\/\/adearlimousin.com\/wp-content\/uploads\/2024\/09\/Developper-des-valorisations-collectives-de-la-laine-Limousine-724x1024.png ,https:\/\/adearlimousin.com\/wp-content\/uploads\/2024\/09\/Developper-des-valorisations-collectives-de-la-laine-Limousine.png 780w, https:\/\/adearlimousin.com\/wp-content\/uploads\/2024\/09\/Developper-des-valorisations-collectives-de-la-laine-Limousine.png 360w\" sizes=\"auto, (max-width: 480px) 150px\" src=\"https:\/\/adearlimousin.com\/wp-content\/uploads\/2024\/09\/Developper-des-valorisations-collectives-de-la-laine-Limousine-724x1024.png\" alt=\"\" class=\"uag-image-7709\" width=\"378\" height=\"535\" title=\"D\u00e9velopper des valorisations collectives de la laine Limousine\" loading=\"lazy\" role=\"img\"\/><\/figure><\/div>\n\n\n\n<p class=\"has-text-align-center\"><em><strong>Contactez-nous pour en savoir plus <\/strong>ou si vous souhaitez participer \u00e0 ces rencontres<\/em> : manonk@adearlimousin.com<\/p>\n\n\n\n<div class=\"wp-block-uagb-separator uagb-block-57fe6906\"><div class=\"wp-block-uagb-separator__inner\" style=\"--my-background-image:\"><\/div><\/div>\n\n\n<div class=\"wp-block-image is-resized\">\n<figure class=\"aligncenter size-full\"><img loading=\"lazy\" decoding=\"async\" width=\"880\" height=\"280\" src=\"https:\/\/adearlimousin.com\/wp-content\/uploads\/2024\/05\/LLRL.png\" alt=\"\" class=\"wp-image-7521\" style=\"width:247px;height:auto\" srcset=\"https:\/\/adearlimousin.com\/wp-content\/uploads\/2024\/05\/LLRL.png 880w, https:\/\/adearlimousin.com\/wp-content\/uploads\/2024\/05\/LLRL-300x95.png 300w, https:\/\/adearlimousin.com\/wp-content\/uploads\/2024\/05\/LLRL-768x244.png 768w\" sizes=\"auto, (max-width: 880px) 100vw, 880px\" \/><\/figure>\n<\/div>\n\n\n<p>Il y a une dizaine d&rsquo;ann\u00e9e, l&rsquo;Adear a initi\u00e9 un travail en collaboration avec des \u00e9leveuses\/\u00e9leveurs et transformateurs souhaitant travailler les laines de leurs brebis, ou les laines locales. <br>Une association, Laines Locales R\u00e9seau Limousin, a \u00e9t\u00e9 cr\u00e9\u00e9e en 2008 pour coordonner et animer ces \u00e9changes et r\u00e9flexions. Nous sommes toujours en lien avec cette association partenaire, qui agit aujourd&rsquo;hui sur diff\u00e9rents plans : <br>&#8211; formations \u00e0 l&rsquo;organisation des chantiers de tonte<br>&#8211; recherche de solutions de valorisation de la laine<br>&#8211; organisation de transport de laine en commun entre adh\u00e9rent\u00b7es<br>&#8211; mise \u00e0 disposition de machines \u00e0 feutrer pour un usage artisanal<\/p>\n\n\n\n<div class=\"wp-block-columns is-layout-flex wp-container-core-columns-is-layout-9d6595d7 wp-block-columns-is-layout-flex\">\n<div class=\"wp-block-column is-layout-flow wp-block-column-is-layout-flow\" style=\"flex-basis:100%\">\n<div class=\"wp-block-columns is-layout-flex wp-container-core-columns-is-layout-9d6595d7 wp-block-columns-is-layout-flex\"><\/div>\n<\/div>\n<\/div>\n","protected":false},"excerpt":{"rendered":"<p>L&rsquo;ADEAR Limousin anime un groupe d&rsquo;\u00e9change technique entre \u00e9leveurs et \u00e9leveuses sur la valorisation de la laine. L&rsquo;objectif est de permettre aux \u00e9leveurs et \u00e9leveuses de ma\u00eetriser au maximum la &hellip; <a href=\"https:\/\/adearlimousin.com\/index.php\/valorisation-laine\/\" class=\"more-link\">Lire la suite <span class=\"screen-reader-text\">Valorisation de la laine<\/span><\/a><\/p>\n","protected":false},"author":1,"featured_media":0,"parent":0,"menu_order":0,"comment_status":"closed","ping_status":"closed","template":"","meta":{"_uag_custom_page_level_css":"","_EventAllDay":false,"_EventTimezone":"","_EventStartDate":"","_EventEndDate":"","_EventStartDateUTC":"","_EventEndDateUTC":"","_EventShowMap":false,"_EventShowMapLink":false,"_EventURL":"","_EventCost":"","_EventCostDescription":"","_EventCurrencySymbol":"","_EventCurrencyCode":"","_EventCurrencyPosition":"","_EventDateTimeSeparator":"","_EventTimeRangeSeparator":"","_EventOrganizerID":[],"_EventVenueID":[],"_OrganizerEmail":"","_OrganizerPhone":"","_OrganizerWebsite":"","_VenueAddress":"","_VenueCity":"","_VenueCountry":"","_VenueProvince":"","_VenueState":"","_VenueZip":"","_VenuePhone":"","_VenueURL":"","_VenueStateProvince":"","_VenueLat":"","_VenueLng":"","_VenueShowMap":false,"_VenueShowMapLink":false,"footnotes":""},"class_list":["post-3080","page","type-page","status-publish","hentry","without-featured-image"],"yoast_head":"<!-- This site is optimized with the Yoast SEO plugin v27.1.1 - https:\/\/yoast.com\/product\/yoast-seo-wordpress\/ -->\n<title>Valorisation de la laine - ADEAR Limousin<\/title>\n<meta name=\"description\" content=\"Groupe d&#039;\u00e9change technique entre \u00e9leveurs et \u00e9leveuses d&#039;ovins en limousin sur la valorisation collective et paysanne de la laine locale\" \/>\n<meta name=\"robots\" content=\"index, follow, max-snippet:-1, max-image-preview:large, max-video-preview:-1\" \/>\n<link rel=\"canonical\" href=\"https:\/\/adearlimousin.com\/index.php\/valorisation-laine\/\" \/>\n<meta property=\"og:locale\" content=\"fr_FR\" \/>\n<meta property=\"og:type\" content=\"article\" \/>\n<meta property=\"og:title\" content=\"Valorisation de la laine - ADEAR Limousin\" \/>\n<meta property=\"og:description\" content=\"Groupe d&#039;\u00e9change technique entre \u00e9leveurs et \u00e9leveuses d&#039;ovins en limousin sur la valorisation collective et paysanne de la laine locale\" \/>\n<meta property=\"og:url\" content=\"https:\/\/adearlimousin.com\/index.php\/valorisation-laine\/\" \/>\n<meta property=\"og:site_name\" content=\"ADEAR Limousin\" \/>\n<meta property=\"article:publisher\" content=\"https:\/\/www.facebook.com\/adearlimousin\" \/>\n<meta property=\"article:modified_time\" content=\"2026-03-05T15:59:35+00:00\" \/>\n<meta property=\"og:image\" content=\"https:\/\/adearlimousin.com\/wp-content\/uploads\/2025\/04\/LOGO_bloc_marque_cofi-6-1024x304.jpg\" \/>\n<meta name=\"twitter:card\" content=\"summary_large_image\" \/>\n<meta name=\"twitter:label1\" content=\"Dur\u00e9e de lecture estim\u00e9e\" \/>\n\t<meta name=\"twitter:data1\" content=\"3 minutes\" \/>\n<script type=\"application\/ld+json\" class=\"yoast-schema-graph\">{\"@context\":\"https:\/\/schema.org\",\"@graph\":[{\"@type\":\"WebPage\",\"@id\":\"https:\/\/adearlimousin.com\/index.php\/valorisation-laine\/\",\"url\":\"https:\/\/adearlimousin.com\/index.php\/valorisation-laine\/\",\"name\":\"Valorisation de la laine - ADEAR Limousin\",\"isPartOf\":{\"@id\":\"https:\/\/adearlimousin.com\/#website\"},\"primaryImageOfPage\":{\"@id\":\"https:\/\/adearlimousin.com\/index.php\/valorisation-laine\/#primaryimage\"},\"image\":{\"@id\":\"https:\/\/adearlimousin.com\/index.php\/valorisation-laine\/#primaryimage\"},\"thumbnailUrl\":\"https:\/\/adearlimousin.com\/wp-content\/uploads\/2025\/04\/LOGO_bloc_marque_cofi-6-1024x304.jpg\",\"datePublished\":\"2019-09-09T10:52:44+00:00\",\"dateModified\":\"2026-03-05T15:59:35+00:00\",\"description\":\"Groupe d'\u00e9change technique entre \u00e9leveurs et \u00e9leveuses d'ovins en limousin sur la valorisation collective et paysanne de la laine locale\",\"breadcrumb\":{\"@id\":\"https:\/\/adearlimousin.com\/index.php\/valorisation-laine\/#breadcrumb\"},\"inLanguage\":\"fr-FR\",\"potentialAction\":[{\"@type\":\"ReadAction\",\"target\":[\"https:\/\/adearlimousin.com\/index.php\/valorisation-laine\/\"]}]},{\"@type\":\"ImageObject\",\"inLanguage\":\"fr-FR\",\"@id\":\"https:\/\/adearlimousin.com\/index.php\/valorisation-laine\/#primaryimage\",\"url\":\"https:\/\/adearlimousin.com\/wp-content\/uploads\/2025\/04\/LOGO_bloc_marque_cofi-6.jpg\",\"contentUrl\":\"https:\/\/adearlimousin.com\/wp-content\/uploads\/2025\/04\/LOGO_bloc_marque_cofi-6.jpg\",\"width\":1393,\"height\":413},{\"@type\":\"BreadcrumbList\",\"@id\":\"https:\/\/adearlimousin.com\/index.php\/valorisation-laine\/#breadcrumb\",\"itemListElement\":[{\"@type\":\"ListItem\",\"position\":1,\"name\":\"Accueil\",\"item\":\"https:\/\/adearlimousin.com\/\"},{\"@type\":\"ListItem\",\"position\":2,\"name\":\"Valorisation de la laine\"}]},{\"@type\":\"WebSite\",\"@id\":\"https:\/\/adearlimousin.com\/#website\",\"url\":\"https:\/\/adearlimousin.com\/\",\"name\":\"ADEAR Limousin\",\"description\":\"\u00catre paysan\u00b7ne en Limousin\",\"publisher\":{\"@id\":\"https:\/\/adearlimousin.com\/#organization\"},\"potentialAction\":[{\"@type\":\"SearchAction\",\"target\":{\"@type\":\"EntryPoint\",\"urlTemplate\":\"https:\/\/adearlimousin.com\/?s={search_term_string}\"},\"query-input\":{\"@type\":\"PropertyValueSpecification\",\"valueRequired\":true,\"valueName\":\"search_term_string\"}}],\"inLanguage\":\"fr-FR\"},{\"@type\":\"Organization\",\"@id\":\"https:\/\/adearlimousin.com\/#organization\",\"name\":\"Adear Limousin\",\"url\":\"https:\/\/adearlimousin.com\/\",\"logo\":{\"@type\":\"ImageObject\",\"inLanguage\":\"fr-FR\",\"@id\":\"https:\/\/adearlimousin.com\/#\/schema\/logo\/image\/\",\"url\":\"https:\/\/adearlimousin.com\/wp-content\/uploads\/2017\/04\/ADEARLimousin-RAP_V14cm.jpg\",\"contentUrl\":\"https:\/\/adearlimousin.com\/wp-content\/uploads\/2017\/04\/ADEARLimousin-RAP_V14cm.jpg\",\"width\":142,\"height\":118,\"caption\":\"Adear Limousin\"},\"image\":{\"@id\":\"https:\/\/adearlimousin.com\/#\/schema\/logo\/image\/\"},\"sameAs\":[\"https:\/\/www.facebook.com\/adearlimousin\"]}]}<\/script>\n<!-- \/ Yoast SEO plugin. -->","yoast_head_json":{"title":"Valorisation de la laine - ADEAR Limousin","description":"Groupe d'\u00e9change technique entre \u00e9leveurs et \u00e9leveuses d'ovins en limousin sur la valorisation collective et paysanne de la laine locale","robots":{"index":"index","follow":"follow","max-snippet":"max-snippet:-1","max-image-preview":"max-image-preview:large","max-video-preview":"max-video-preview:-1"},"canonical":"https:\/\/adearlimousin.com\/index.php\/valorisation-laine\/","og_locale":"fr_FR","og_type":"article","og_title":"Valorisation de la laine - ADEAR Limousin","og_description":"Groupe d'\u00e9change technique entre \u00e9leveurs et \u00e9leveuses d'ovins en limousin sur la valorisation collective et paysanne de la laine locale","og_url":"https:\/\/adearlimousin.com\/index.php\/valorisation-laine\/","og_site_name":"ADEAR Limousin","article_publisher":"https:\/\/www.facebook.com\/adearlimousin","article_modified_time":"2026-03-05T15:59:35+00:00","og_image":[{"url":"https:\/\/adearlimousin.com\/wp-content\/uploads\/2025\/04\/LOGO_bloc_marque_cofi-6-1024x304.jpg","type":"","width":"","height":""}],"twitter_card":"summary_large_image","twitter_misc":{"Dur\u00e9e de lecture estim\u00e9e":"3 minutes"},"schema":{"@context":"https:\/\/schema.org","@graph":[{"@type":"WebPage","@id":"https:\/\/adearlimousin.com\/index.php\/valorisation-laine\/","url":"https:\/\/adearlimousin.com\/index.php\/valorisation-laine\/","name":"Valorisation de la laine - ADEAR Limousin","isPartOf":{"@id":"https:\/\/adearlimousin.com\/#website"},"primaryImageOfPage":{"@id":"https:\/\/adearlimousin.com\/index.php\/valorisation-laine\/#primaryimage"},"image":{"@id":"https:\/\/adearlimousin.com\/index.php\/valorisation-laine\/#primaryimage"},"thumbnailUrl":"https:\/\/adearlimousin.com\/wp-content\/uploads\/2025\/04\/LOGO_bloc_marque_cofi-6-1024x304.jpg","datePublished":"2019-09-09T10:52:44+00:00","dateModified":"2026-03-05T15:59:35+00:00","description":"Groupe d'\u00e9change technique entre \u00e9leveurs et \u00e9leveuses d'ovins en limousin sur la valorisation collective et paysanne de la laine locale","breadcrumb":{"@id":"https:\/\/adearlimousin.com\/index.php\/valorisation-laine\/#breadcrumb"},"inLanguage":"fr-FR","potentialAction":[{"@type":"ReadAction","target":["https:\/\/adearlimousin.com\/index.php\/valorisation-laine\/"]}]},{"@type":"ImageObject","inLanguage":"fr-FR","@id":"https:\/\/adearlimousin.com\/index.php\/valorisation-laine\/#primaryimage","url":"https:\/\/adearlimousin.com\/wp-content\/uploads\/2025\/04\/LOGO_bloc_marque_cofi-6.jpg","contentUrl":"https:\/\/adearlimousin.com\/wp-content\/uploads\/2025\/04\/LOGO_bloc_marque_cofi-6.jpg","width":1393,"height":413},{"@type":"BreadcrumbList","@id":"https:\/\/adearlimousin.com\/index.php\/valorisation-laine\/#breadcrumb","itemListElement":[{"@type":"ListItem","position":1,"name":"Accueil","item":"https:\/\/adearlimousin.com\/"},{"@type":"ListItem","position":2,"name":"Valorisation de la laine"}]},{"@type":"WebSite","@id":"https:\/\/adearlimousin.com\/#website","url":"https:\/\/adearlimousin.com\/","name":"ADEAR Limousin","description":"\u00catre paysan\u00b7ne en Limousin","publisher":{"@id":"https:\/\/adearlimousin.com\/#organization"},"potentialAction":[{"@type":"SearchAction","target":{"@type":"EntryPoint","urlTemplate":"https:\/\/adearlimousin.com\/?s={search_term_string}"},"query-input":{"@type":"PropertyValueSpecification","valueRequired":true,"valueName":"search_term_string"}}],"inLanguage":"fr-FR"},{"@type":"Organization","@id":"https:\/\/adearlimousin.com\/#organization","name":"Adear Limousin","url":"https:\/\/adearlimousin.com\/","logo":{"@type":"ImageObject","inLanguage":"fr-FR","@id":"https:\/\/adearlimousin.com\/#\/schema\/logo\/image\/","url":"https:\/\/adearlimousin.com\/wp-content\/uploads\/2017\/04\/ADEARLimousin-RAP_V14cm.jpg","contentUrl":"https:\/\/adearlimousin.com\/wp-content\/uploads\/2017\/04\/ADEARLimousin-RAP_V14cm.jpg","width":142,"height":118,"caption":"Adear Limousin"},"image":{"@id":"https:\/\/adearlimousin.com\/#\/schema\/logo\/image\/"},"sameAs":["https:\/\/www.facebook.com\/adearlimousin"]}]}},"uagb_featured_image_src":{"full":false,"thumbnail":false,"medium":false,"medium_large":false,"large":false,"1536x1536":false,"2048x2048":false,"post-thumbnail":false,"sela-hero-thumbnail":false,"sela-page-thumbnail":false,"sela-grid-thumbnail":false,"sela-testimonial-thumbnail":false,"sela-logo":false},"uagb_author_info":{"display_name":"Adearlim","author_link":"https:\/\/adearlimousin.com\/index.php\/author\/admin3869\/"},"uagb_comment_info":0,"uagb_excerpt":"L&rsquo;ADEAR Limousin anime un groupe d&rsquo;\u00e9change technique entre \u00e9leveurs et \u00e9leveuses sur la valorisation de la laine. L&rsquo;objectif est de permettre aux \u00e9leveurs et \u00e9leveuses de ma\u00eetriser au maximum la &hellip; Lire la suite Valorisation de la laine","jetpack_sharing_enabled":true,"jetpack_shortlink":"https:\/\/wp.me\/P8DPFj-NG","jetpack_likes_enabled":false,"_links":{"self":[{"href":"https:\/\/adearlimousin.com\/index.php\/wp-json\/wp\/v2\/pages\/3080","targetHints":{"allow":["GET"]}}],"collection":[{"href":"https:\/\/adearlimousin.com\/index.php\/wp-json\/wp\/v2\/pages"}],"about":[{"href":"https:\/\/adearlimousin.com\/index.php\/wp-json\/wp\/v2\/types\/page"}],"author":[{"embeddable":true,"href":"https:\/\/adearlimousin.com\/index.php\/wp-json\/wp\/v2\/users\/1"}],"replies":[{"embeddable":true,"href":"https:\/\/adearlimousin.com\/index.php\/wp-json\/wp\/v2\/comments?post=3080"}],"version-history":[{"count":50,"href":"https:\/\/adearlimousin.com\/index.php\/wp-json\/wp\/v2\/pages\/3080\/revisions"}],"predecessor-version":[{"id":8657,"href":"https:\/\/adearlimousin.com\/index.php\/wp-json\/wp\/v2\/pages\/3080\/revisions\/8657"}],"wp:attachment":[{"href":"https:\/\/adearlimousin.com\/index.php\/wp-json\/wp\/v2\/media?parent=3080"}],"curies":[{"name":"wp","href":"https:\/\/api.w.org\/{rel}","templated":true}]}}