{"id":7342,"date":"2024-03-07T15:00:24","date_gmt":"2024-03-07T14:00:24","guid":{"rendered":"https:\/\/adearlimousin.com\/?page_id=7342"},"modified":"2025-01-24T17:24:04","modified_gmt":"2025-01-24T16:24:04","slug":"arboriculture","status":"publish","type":"page","link":"https:\/\/adearlimousin.com\/index.php\/arboriculture\/","title":{"rendered":"Arboriculture"},"content":{"rendered":"\n<div class=\"wp-block-uagb-image uagb-block-03f7d6e4 wp-block-uagb-image--layout-default wp-block-uagb-image--effect-static wp-block-uagb-image--align-none\"><figure class=\"wp-block-uagb-image__figure\"><img decoding=\"async\" srcset=\"https:\/\/adearlimousin.com\/wp-content\/uploads\/2024\/08\/Groupe-Arbo.png ,https:\/\/adearlimousin.com\/wp-content\/uploads\/2024\/08\/Groupe-Arbo.png 780w, https:\/\/adearlimousin.com\/wp-content\/uploads\/2024\/08\/Groupe-Arbo.png 360w\" sizes=\"auto, (max-width: 480px) 150px\" src=\"https:\/\/adearlimousin.com\/wp-content\/uploads\/2024\/08\/Groupe-Arbo.png\" alt=\"\" class=\"uag-image-7643\" width=\"486\" height=\"162\" title=\"Groupe Arbo\" loading=\"lazy\" role=\"img\"\/><\/figure><\/div>\n\n\n\n<p>L&rsquo;ADEAR Limousin anime un groupe d&rsquo;\u00e9change sur l&rsquo;arboriculture et organise des journ\u00e9es technique \u00e0 la demande des paysans, paysannes ou porteurs et porteuses de projets sur des th\u00e9matiques telles que la taille, la greffe, les vari\u00e9t\u00e9s anciennes, l&rsquo;agroforesterie, les pollinisateurs sauvages, &#8230;<\/p>\n\n\n\n<p><strong>En 2025 : <\/strong><br>&gt; Journ\u00e9e technique sur la taille douce des arbres fruitiers en verger de plein vent<br>&gt; D\u00e9monstration de techniques de greffe d&rsquo;arbres fruitiers dans une optique de conservation des vari\u00e9t\u00e9s anciennes<\/p>\n\n\n\n<div class=\"wp-block-uagb-container uagb-block-78ac142f alignfull uagb-is-root-container\"><div class=\"uagb-container-inner-blocks-wrap\">\n<div class=\"wp-block-uagb-container uagb-block-66f29917\">\n<div class=\"wp-block-uagb-image uagb-block-94e111c4 wp-block-uagb-image--layout-default wp-block-uagb-image--effect-static wp-block-uagb-image--align-none\"><figure class=\"wp-block-uagb-image__figure\"><img decoding=\"async\" srcset=\"https:\/\/adearlimousin.com\/wp-content\/uploads\/2025\/01\/arbo-taille-724x1024.jpg ,https:\/\/adearlimousin.com\/wp-content\/uploads\/2025\/01\/arbo-taille.jpg 780w, https:\/\/adearlimousin.com\/wp-content\/uploads\/2025\/01\/arbo-taille.jpg 360w\" sizes=\"auto, (max-width: 480px) 150px\" src=\"https:\/\/adearlimousin.com\/wp-content\/uploads\/2025\/01\/arbo-taille-724x1024.jpg\" alt=\"\" class=\"uag-image-8000\" width=\"410\" height=\"553\" title=\"arbo taille\" loading=\"lazy\" role=\"img\"\/><\/figure><\/div>\n<\/div>\n\n\n\n<div class=\"wp-block-uagb-container uagb-block-6e2fc581\">\n<div class=\"wp-block-uagb-image uagb-block-233f958f wp-block-uagb-image--layout-default wp-block-uagb-image--effect-static wp-block-uagb-image--align-none\"><figure class=\"wp-block-uagb-image__figure\"><img decoding=\"async\" srcset=\"https:\/\/adearlimousin.com\/wp-content\/uploads\/2025\/01\/arbo-greffe-724x1024.jpg ,https:\/\/adearlimousin.com\/wp-content\/uploads\/2025\/01\/arbo-greffe.jpg 780w, https:\/\/adearlimousin.com\/wp-content\/uploads\/2025\/01\/arbo-greffe.jpg 360w\" sizes=\"auto, (max-width: 480px) 150px\" src=\"https:\/\/adearlimousin.com\/wp-content\/uploads\/2025\/01\/arbo-greffe-724x1024.jpg\" alt=\"\" class=\"uag-image-8032\" width=\"397\" height=\"469\" title=\"arbo greffe\" loading=\"lazy\" role=\"img\"\/><\/figure><\/div>\n<\/div>\n<\/div><\/div>\n\n\n\n<p>Contact : manonk@adearlimousin.com<\/p>\n\n\n\n<div class=\"wp-block-uagb-container uagb-block-06907772 alignfull uagb-is-root-container\"><div class=\"uagb-container-inner-blocks-wrap\">\n<div class=\"wp-block-uagb-container uagb-block-7a9196b1\">\n<div class=\"wp-block-uagb-container uagb-block-9f818e20\">\n<div class=\"wp-block-uagb-image uagb-block-618f05db wp-block-uagb-image--layout-default wp-block-uagb-image--effect-static wp-block-uagb-image--align-none\"><figure class=\"wp-block-uagb-image__figure\"><img decoding=\"async\" srcset=\"https:\/\/adearlimousin.com\/wp-content\/uploads\/2024\/08\/IMG_20230223_115710-1024x768.jpg ,https:\/\/adearlimousin.com\/wp-content\/uploads\/2024\/08\/IMG_20230223_115710-scaled.jpg 780w, https:\/\/adearlimousin.com\/wp-content\/uploads\/2024\/08\/IMG_20230223_115710-scaled.jpg 360w\" sizes=\"auto, (max-width: 480px) 150px\" src=\"https:\/\/adearlimousin.com\/wp-content\/uploads\/2024\/08\/IMG_20230223_115710-1024x768.jpg\" alt=\"\" class=\"uag-image-7644\" width=\"4160\" height=\"3120\" title=\"IMG_20230223_115710\" loading=\"lazy\" role=\"img\"\/><\/figure><\/div>\n<\/div>\n\n\n\n<div class=\"wp-block-uagb-container uagb-block-f7bb82c3\">\n<p class=\"has-text-align-center\"><strong>Journ\u00e9es techniques sur la taille douce et sur la greffe<\/strong><br><em>Financement de l&rsquo;Union Europ\u00e9enne via le FEADER &#8211; Accompagnement des exploitations agricoles dans la transition agro\u00e9cologique<\/em><\/p>\n<\/div>\n<\/div>\n\n\n\n<div class=\"wp-block-uagb-container uagb-block-80fa2a53\">\n<div class=\"wp-block-uagb-image uagb-block-4fac2400 wp-block-uagb-image--layout-default wp-block-uagb-image--effect-static wp-block-uagb-image--align-none\"><figure class=\"wp-block-uagb-image__figure\"><img decoding=\"async\" srcset=\"https:\/\/adearlimousin.com\/wp-content\/uploads\/2024\/08\/plaque-paysage-1024x480.jpg ,https:\/\/adearlimousin.com\/wp-content\/uploads\/2024\/08\/plaque-paysage.jpg 780w, https:\/\/adearlimousin.com\/wp-content\/uploads\/2024\/08\/plaque-paysage.jpg 360w\" sizes=\"auto, (max-width: 480px) 150px\" src=\"https:\/\/adearlimousin.com\/wp-content\/uploads\/2024\/08\/plaque-paysage-1024x480.jpg\" alt=\"\" class=\"uag-image-7646\" width=\"247\" height=\"399\" title=\"plaque paysage\" loading=\"lazy\" role=\"img\"\/><\/figure><\/div>\n<\/div>\n<\/div><\/div>\n","protected":false},"excerpt":{"rendered":"<p>L&rsquo;ADEAR Limousin anime un groupe d&rsquo;\u00e9change sur l&rsquo;arboriculture et organise des journ\u00e9es technique \u00e0 la demande des paysans, paysannes ou porteurs et porteuses de projets sur des th\u00e9matiques telles que &hellip; <a href=\"https:\/\/adearlimousin.com\/index.php\/arboriculture\/\" class=\"more-link\">Lire la suite <span class=\"screen-reader-text\">Arboriculture<\/span><\/a><\/p>\n","protected":false},"author":1,"featured_media":0,"parent":0,"menu_order":0,"comment_status":"closed","ping_status":"closed","template":"","meta":{"_uag_custom_page_level_css":"","_EventAllDay":false,"_EventTimezone":"","_EventStartDate":"","_EventEndDate":"","_EventStartDateUTC":"","_EventEndDateUTC":"","_EventShowMap":false,"_EventShowMapLink":false,"_EventURL":"","_EventCost":"","_EventCostDescription":"","_EventCurrencySymbol":"","_EventCurrencyCode":"","_EventCurrencyPosition":"","_EventDateTimeSeparator":"","_EventTimeRangeSeparator":"","_EventOrganizerID":[],"_EventVenueID":[],"_OrganizerEmail":"","_OrganizerPhone":"","_OrganizerWebsite":"","_VenueAddress":"","_VenueCity":"","_VenueCountry":"","_VenueProvince":"","_VenueState":"","_VenueZip":"","_VenuePhone":"","_VenueURL":"","_VenueStateProvince":"","_VenueLat":"","_VenueLng":"","_VenueShowMap":false,"_VenueShowMapLink":false,"footnotes":""},"class_list":["post-7342","page","type-page","status-publish","hentry","without-featured-image"],"yoast_head":"<!-- This site is optimized with the Yoast SEO plugin v27.1.1 - https:\/\/yoast.com\/product\/yoast-seo-wordpress\/ -->\n<title>Arboriculture - ADEAR Limousin<\/title>\n<meta name=\"description\" content=\"Groupe d&#039;\u00e9changes techniques entre paysans et paysannes sur l&#039;arboriculture\" \/>\n<meta name=\"robots\" content=\"index, follow, max-snippet:-1, max-image-preview:large, max-video-preview:-1\" \/>\n<link rel=\"canonical\" href=\"https:\/\/adearlimousin.com\/index.php\/arboriculture\/\" \/>\n<meta property=\"og:locale\" content=\"fr_FR\" \/>\n<meta property=\"og:type\" content=\"article\" \/>\n<meta property=\"og:title\" content=\"Arboriculture - ADEAR Limousin\" \/>\n<meta property=\"og:description\" content=\"Groupe d&#039;\u00e9changes techniques entre paysans et paysannes sur l&#039;arboriculture\" \/>\n<meta property=\"og:url\" content=\"https:\/\/adearlimousin.com\/index.php\/arboriculture\/\" \/>\n<meta property=\"og:site_name\" content=\"ADEAR Limousin\" \/>\n<meta property=\"article:publisher\" content=\"https:\/\/www.facebook.com\/adearlimousin\" \/>\n<meta property=\"article:modified_time\" content=\"2025-01-24T16:24:04+00:00\" \/>\n<meta property=\"og:image\" content=\"https:\/\/adearlimousin.com\/wp-content\/uploads\/2024\/08\/Groupe-Arbo.png\" \/>\n<meta name=\"twitter:card\" content=\"summary_large_image\" \/>\n<meta name=\"twitter:label1\" content=\"Dur\u00e9e de lecture estim\u00e9e\" \/>\n\t<meta name=\"twitter:data1\" content=\"2 minutes\" \/>\n<script type=\"application\/ld+json\" class=\"yoast-schema-graph\">{\"@context\":\"https:\/\/schema.org\",\"@graph\":[{\"@type\":\"WebPage\",\"@id\":\"https:\/\/adearlimousin.com\/index.php\/arboriculture\/\",\"url\":\"https:\/\/adearlimousin.com\/index.php\/arboriculture\/\",\"name\":\"Arboriculture - ADEAR Limousin\",\"isPartOf\":{\"@id\":\"https:\/\/adearlimousin.com\/#website\"},\"primaryImageOfPage\":{\"@id\":\"https:\/\/adearlimousin.com\/index.php\/arboriculture\/#primaryimage\"},\"image\":{\"@id\":\"https:\/\/adearlimousin.com\/index.php\/arboriculture\/#primaryimage\"},\"thumbnailUrl\":\"https:\/\/adearlimousin.com\/wp-content\/uploads\/2024\/08\/Groupe-Arbo.png\",\"datePublished\":\"2024-03-07T14:00:24+00:00\",\"dateModified\":\"2025-01-24T16:24:04+00:00\",\"description\":\"Groupe d'\u00e9changes techniques entre paysans et paysannes sur l'arboriculture\",\"breadcrumb\":{\"@id\":\"https:\/\/adearlimousin.com\/index.php\/arboriculture\/#breadcrumb\"},\"inLanguage\":\"fr-FR\",\"potentialAction\":[{\"@type\":\"ReadAction\",\"target\":[\"https:\/\/adearlimousin.com\/index.php\/arboriculture\/\"]}]},{\"@type\":\"ImageObject\",\"inLanguage\":\"fr-FR\",\"@id\":\"https:\/\/adearlimousin.com\/index.php\/arboriculture\/#primaryimage\",\"url\":\"https:\/\/adearlimousin.com\/wp-content\/uploads\/2024\/08\/Groupe-Arbo.png\",\"contentUrl\":\"https:\/\/adearlimousin.com\/wp-content\/uploads\/2024\/08\/Groupe-Arbo.png\",\"width\":600,\"height\":200},{\"@type\":\"BreadcrumbList\",\"@id\":\"https:\/\/adearlimousin.com\/index.php\/arboriculture\/#breadcrumb\",\"itemListElement\":[{\"@type\":\"ListItem\",\"position\":1,\"name\":\"Accueil\",\"item\":\"https:\/\/adearlimousin.com\/\"},{\"@type\":\"ListItem\",\"position\":2,\"name\":\"Arboriculture\"}]},{\"@type\":\"WebSite\",\"@id\":\"https:\/\/adearlimousin.com\/#website\",\"url\":\"https:\/\/adearlimousin.com\/\",\"name\":\"ADEAR Limousin\",\"description\":\"\u00catre paysan\u00b7ne en Limousin\",\"publisher\":{\"@id\":\"https:\/\/adearlimousin.com\/#organization\"},\"potentialAction\":[{\"@type\":\"SearchAction\",\"target\":{\"@type\":\"EntryPoint\",\"urlTemplate\":\"https:\/\/adearlimousin.com\/?s={search_term_string}\"},\"query-input\":{\"@type\":\"PropertyValueSpecification\",\"valueRequired\":true,\"valueName\":\"search_term_string\"}}],\"inLanguage\":\"fr-FR\"},{\"@type\":\"Organization\",\"@id\":\"https:\/\/adearlimousin.com\/#organization\",\"name\":\"Adear Limousin\",\"url\":\"https:\/\/adearlimousin.com\/\",\"logo\":{\"@type\":\"ImageObject\",\"inLanguage\":\"fr-FR\",\"@id\":\"https:\/\/adearlimousin.com\/#\/schema\/logo\/image\/\",\"url\":\"https:\/\/adearlimousin.com\/wp-content\/uploads\/2017\/04\/ADEARLimousin-RAP_V14cm.jpg\",\"contentUrl\":\"https:\/\/adearlimousin.com\/wp-content\/uploads\/2017\/04\/ADEARLimousin-RAP_V14cm.jpg\",\"width\":142,\"height\":118,\"caption\":\"Adear Limousin\"},\"image\":{\"@id\":\"https:\/\/adearlimousin.com\/#\/schema\/logo\/image\/\"},\"sameAs\":[\"https:\/\/www.facebook.com\/adearlimousin\"]}]}<\/script>\n<!-- \/ Yoast SEO plugin. -->","yoast_head_json":{"title":"Arboriculture - ADEAR Limousin","description":"Groupe d'\u00e9changes techniques entre paysans et paysannes sur l'arboriculture","robots":{"index":"index","follow":"follow","max-snippet":"max-snippet:-1","max-image-preview":"max-image-preview:large","max-video-preview":"max-video-preview:-1"},"canonical":"https:\/\/adearlimousin.com\/index.php\/arboriculture\/","og_locale":"fr_FR","og_type":"article","og_title":"Arboriculture - ADEAR Limousin","og_description":"Groupe d'\u00e9changes techniques entre paysans et paysannes sur l'arboriculture","og_url":"https:\/\/adearlimousin.com\/index.php\/arboriculture\/","og_site_name":"ADEAR Limousin","article_publisher":"https:\/\/www.facebook.com\/adearlimousin","article_modified_time":"2025-01-24T16:24:04+00:00","og_image":[{"url":"https:\/\/adearlimousin.com\/wp-content\/uploads\/2024\/08\/Groupe-Arbo.png","type":"","width":"","height":""}],"twitter_card":"summary_large_image","twitter_misc":{"Dur\u00e9e de lecture estim\u00e9e":"2 minutes"},"schema":{"@context":"https:\/\/schema.org","@graph":[{"@type":"WebPage","@id":"https:\/\/adearlimousin.com\/index.php\/arboriculture\/","url":"https:\/\/adearlimousin.com\/index.php\/arboriculture\/","name":"Arboriculture - ADEAR Limousin","isPartOf":{"@id":"https:\/\/adearlimousin.com\/#website"},"primaryImageOfPage":{"@id":"https:\/\/adearlimousin.com\/index.php\/arboriculture\/#primaryimage"},"image":{"@id":"https:\/\/adearlimousin.com\/index.php\/arboriculture\/#primaryimage"},"thumbnailUrl":"https:\/\/adearlimousin.com\/wp-content\/uploads\/2024\/08\/Groupe-Arbo.png","datePublished":"2024-03-07T14:00:24+00:00","dateModified":"2025-01-24T16:24:04+00:00","description":"Groupe d'\u00e9changes techniques entre paysans et paysannes sur l'arboriculture","breadcrumb":{"@id":"https:\/\/adearlimousin.com\/index.php\/arboriculture\/#breadcrumb"},"inLanguage":"fr-FR","potentialAction":[{"@type":"ReadAction","target":["https:\/\/adearlimousin.com\/index.php\/arboriculture\/"]}]},{"@type":"ImageObject","inLanguage":"fr-FR","@id":"https:\/\/adearlimousin.com\/index.php\/arboriculture\/#primaryimage","url":"https:\/\/adearlimousin.com\/wp-content\/uploads\/2024\/08\/Groupe-Arbo.png","contentUrl":"https:\/\/adearlimousin.com\/wp-content\/uploads\/2024\/08\/Groupe-Arbo.png","width":600,"height":200},{"@type":"BreadcrumbList","@id":"https:\/\/adearlimousin.com\/index.php\/arboriculture\/#breadcrumb","itemListElement":[{"@type":"ListItem","position":1,"name":"Accueil","item":"https:\/\/adearlimousin.com\/"},{"@type":"ListItem","position":2,"name":"Arboriculture"}]},{"@type":"WebSite","@id":"https:\/\/adearlimousin.com\/#website","url":"https:\/\/adearlimousin.com\/","name":"ADEAR Limousin","description":"\u00catre paysan\u00b7ne en Limousin","publisher":{"@id":"https:\/\/adearlimousin.com\/#organization"},"potentialAction":[{"@type":"SearchAction","target":{"@type":"EntryPoint","urlTemplate":"https:\/\/adearlimousin.com\/?s={search_term_string}"},"query-input":{"@type":"PropertyValueSpecification","valueRequired":true,"valueName":"search_term_string"}}],"inLanguage":"fr-FR"},{"@type":"Organization","@id":"https:\/\/adearlimousin.com\/#organization","name":"Adear Limousin","url":"https:\/\/adearlimousin.com\/","logo":{"@type":"ImageObject","inLanguage":"fr-FR","@id":"https:\/\/adearlimousin.com\/#\/schema\/logo\/image\/","url":"https:\/\/adearlimousin.com\/wp-content\/uploads\/2017\/04\/ADEARLimousin-RAP_V14cm.jpg","contentUrl":"https:\/\/adearlimousin.com\/wp-content\/uploads\/2017\/04\/ADEARLimousin-RAP_V14cm.jpg","width":142,"height":118,"caption":"Adear Limousin"},"image":{"@id":"https:\/\/adearlimousin.com\/#\/schema\/logo\/image\/"},"sameAs":["https:\/\/www.facebook.com\/adearlimousin"]}]}},"uagb_featured_image_src":{"full":false,"thumbnail":false,"medium":false,"medium_large":false,"large":false,"1536x1536":false,"2048x2048":false,"post-thumbnail":false,"sela-hero-thumbnail":false,"sela-page-thumbnail":false,"sela-grid-thumbnail":false,"sela-testimonial-thumbnail":false,"sela-logo":false},"uagb_author_info":{"display_name":"Adearlim","author_link":"https:\/\/adearlimousin.com\/index.php\/author\/admin3869\/"},"uagb_comment_info":0,"uagb_excerpt":"L&rsquo;ADEAR Limousin anime un groupe d&rsquo;\u00e9change sur l&rsquo;arboriculture et organise des journ\u00e9es technique \u00e0 la demande des paysans, paysannes ou porteurs et porteuses de projets sur des th\u00e9matiques telles que &hellip; Lire la suite Arboriculture","jetpack_sharing_enabled":true,"jetpack_shortlink":"https:\/\/wp.me\/P8DPFj-1Uq","jetpack_likes_enabled":false,"_links":{"self":[{"href":"https:\/\/adearlimousin.com\/index.php\/wp-json\/wp\/v2\/pages\/7342","targetHints":{"allow":["GET"]}}],"collection":[{"href":"https:\/\/adearlimousin.com\/index.php\/wp-json\/wp\/v2\/pages"}],"about":[{"href":"https:\/\/adearlimousin.com\/index.php\/wp-json\/wp\/v2\/types\/page"}],"author":[{"embeddable":true,"href":"https:\/\/adearlimousin.com\/index.php\/wp-json\/wp\/v2\/users\/1"}],"replies":[{"embeddable":true,"href":"https:\/\/adearlimousin.com\/index.php\/wp-json\/wp\/v2\/comments?post=7342"}],"version-history":[{"count":6,"href":"https:\/\/adearlimousin.com\/index.php\/wp-json\/wp\/v2\/pages\/7342\/revisions"}],"predecessor-version":[{"id":8036,"href":"https:\/\/adearlimousin.com\/index.php\/wp-json\/wp\/v2\/pages\/7342\/revisions\/8036"}],"wp:attachment":[{"href":"https:\/\/adearlimousin.com\/index.php\/wp-json\/wp\/v2\/media?parent=7342"}],"curies":[{"name":"wp","href":"https:\/\/api.w.org\/{rel}","templated":true}]}}