{"id":77,"date":"2016-10-07T17:20:28","date_gmt":"2016-10-07T15:20:28","guid":{"rendered":"https:\/\/ardearlimousin.wordpress.com\/?page_id=77"},"modified":"2021-03-04T10:51:50","modified_gmt":"2021-03-04T09:51:50","slug":"favoriser-lacces-au-foncier","status":"publish","type":"page","link":"https:\/\/adearlimousin.com\/index.php\/installation-agriculture-limousin\/favoriser-lacces-au-foncier\/","title":{"rendered":"Favoriser l\u2019acc\u00e8s au foncier"},"content":{"rendered":"<hr \/>\n<h3><span style=\"color: #333333;\"><strong>R\u00e9servez votre semaine du 5 au 15 novembre pour nos journ\u00e9es passage de relais 2019 !<\/strong><\/span><\/h3>\n<h4><span style=\"color: #333333;\">&gt;&gt;&gt; des visites de fermes en limousin et dans toute la nouvelle aquitaine<\/span><\/h4>\n<p><a href=\"https:\/\/adearlimousin.com\/wp-content\/uploads\/2019\/08\/SaveTheDate-PdeRELAIS2019.pdf\" target=\"_blank\" rel=\"noopener noreferrer\">Pr\u00e9-programme \u00e0 t\u00e9l\u00e9charger ici<\/a><\/p>\n<p><a href=\"https:\/\/adearlimousin.com\/wp-content\/uploads\/2019\/08\/SaveTheDate-PdeRELAIS2019.pdf\" target=\"_blank\" rel=\"noopener noreferrer\"><img loading=\"lazy\" decoding=\"async\" class=\"size-medium wp-image-3002 aligncenter\" src=\"https:\/\/adearlimousin.com\/wp-content\/uploads\/2019\/08\/SaveTheDate-PdeRELAIS2019-sansLogo-273x300.jpg\" alt=\"\" width=\"273\" height=\"300\" srcset=\"https:\/\/adearlimousin.com\/wp-content\/uploads\/2019\/08\/SaveTheDate-PdeRELAIS2019-sansLogo-273x300.jpg 273w, https:\/\/adearlimousin.com\/wp-content\/uploads\/2019\/08\/SaveTheDate-PdeRELAIS2019-sansLogo-768x845.jpg 768w, https:\/\/adearlimousin.com\/wp-content\/uploads\/2019\/08\/SaveTheDate-PdeRELAIS2019-sansLogo-930x1024.jpg 930w, https:\/\/adearlimousin.com\/wp-content\/uploads\/2019\/08\/SaveTheDate-PdeRELAIS2019-sansLogo-600x660.jpg 600w, https:\/\/adearlimousin.com\/wp-content\/uploads\/2019\/08\/SaveTheDate-PdeRELAIS2019-sansLogo-345x380.jpg 345w, https:\/\/adearlimousin.com\/wp-content\/uploads\/2019\/08\/SaveTheDate-PdeRELAIS2019-sansLogo.jpg 1240w\" sizes=\"auto, (max-width: 273px) 100vw, 273px\" \/><\/a><\/p>\n<hr \/>\n<ul>\n<li><strong>Avec Terre de Liens<\/strong><\/li>\n<\/ul>\n<p>L&rsquo;association Terre de Liens, au sein du r\u00e9seau InPACT Limousin, regroupe tous les deux mois toutes les annonces fonci\u00e8res qui circulent dans le r\u00e9seau. Il s&rsquo;agit d&rsquo;offres et de demandes d&rsquo;achat, location, associ\u00e9s, salari\u00e9s etc.\u00a0 <a href=\"https:\/\/adearlimousin.com\/index.php\/les-annonces-objectif-terre\/\" target=\"_blank\" rel=\"noopener noreferrer\">Lire le dernier \u00ab\u00a0Objectif terre\u00a0\u00bb.<\/a><\/p>\n<ul>\n<li><strong>Avec la Conf\u00e9d\u00e9ration paysanne<\/strong><\/li>\n<\/ul>\n<p>L\u2019ADEAR Limousin travaille sur les questions du foncier en lien avec la Conf\u00e9d\u00e9ration Paysanne du Limousin, qui a cr\u00e9\u00e9 un <a href=\"http:\/\/www.confederation-paysanne-limousin.org\/publicite-fonciere\/presentation\">site <\/a>sur lequel elle met r\u00e9guli\u00e8rement en ligne les offres fonci\u00e8res de la r\u00e9gion, pour de l&rsquo;achat ou de la location, ainsi que les annonces l\u00e9gales de la SAFER et les autorisations d\u2019exploiter diffus\u00e9es par les DDT.<\/p>\n<p>Ce <a href=\"http:\/\/www.confederation-paysanne-limousin.org\/publicite-fonciere\/presentation\">site internet <\/a>est le fruit d&rsquo;un travail initi\u00e9 par la Conf\u00e9d\u00e9ration paysanne du Limousin au sein d&rsquo;un collectif nomm\u00e9 \u00ab\u00a0cellule de coordination sur le foncier\u00a0\u00bb qui regroupe :<br \/>\n&#8211; des acteurs du d\u00e9veloppement agricole du territoire : le r\u00e9seau InPACT Limousin r\u00e9unissant la FRCIVAM Limousin, l&rsquo;ADEAR Limousin, Accueil Paysan, Terre de Liens Limousin et Limousin Nature Environnement<br \/>\n&#8211; des partenaires strat\u00e9giques : le Conseil R\u00e9gional , la SAFER Marche-Limousin et ponctuellement les pays.<\/p>\n<p><strong> D\u2019o\u00f9 viennent les informations collect\u00e9es ?<\/strong><br \/>\nLes informations mises en ligne sur cette base de donn\u00e9es sont issues :<br \/>\n&#8211; des annonces l\u00e9gales de foncier trait\u00e9es par la SAFER (vente\/location)<br \/>\n&#8211; des terrains agricoles soumis \u00e0 demandes d&rsquo;autorisation d&rsquo;exploiter (autorisation administrative n\u00e9cessaire \u00e0 l\u2019exploitation d\u2019une terre qui se lib\u00e8re, sous certaines conditions qui sont pr\u00e9cis\u00e9es dans chaque Sch\u00e9ma Directeur D\u00e9partemental des Structures (S.D.D.S).<br \/>\n&#8211; des petites annonces de foncier (vente\/location\/transmission) et des recherches d&rsquo;associ\u00e9s collect\u00e9es via nos r\u00e9seaux<br \/>\n&#8211; des offres fonci\u00e8res propos\u00e9es par les internautes sur notre site (encart proposer une offre fonci\u00e8re)<\/p>\n","protected":false},"excerpt":{"rendered":"<p>R\u00e9servez votre semaine du 5 au 15 novembre pour nos journ\u00e9es passage de relais 2019 ! &gt;&gt;&gt; des visites de fermes en limousin et dans toute la nouvelle aquitaine Pr\u00e9-programme &hellip; <a href=\"https:\/\/adearlimousin.com\/index.php\/installation-agriculture-limousin\/favoriser-lacces-au-foncier\/\" class=\"more-link\">Lire la suite <span class=\"screen-reader-text\">Favoriser l\u2019acc\u00e8s au foncier<\/span><\/a><\/p>\n","protected":false},"author":1,"featured_media":0,"parent":19,"menu_order":0,"comment_status":"closed","ping_status":"closed","template":"","meta":{"_uag_custom_page_level_css":"","_EventAllDay":false,"_EventTimezone":"","_EventStartDate":"","_EventEndDate":"","_EventStartDateUTC":"","_EventEndDateUTC":"","_EventShowMap":false,"_EventShowMapLink":false,"_EventURL":"","_EventCost":"","_EventCostDescription":"","_EventCurrencySymbol":"","_EventCurrencyCode":"","_EventCurrencyPosition":"","_EventDateTimeSeparator":"","_EventTimeRangeSeparator":"","_EventOrganizerID":[],"_EventVenueID":[],"_OrganizerEmail":"","_OrganizerPhone":"","_OrganizerWebsite":"","_VenueAddress":"","_VenueCity":"","_VenueCountry":"","_VenueProvince":"","_VenueState":"","_VenueZip":"","_VenuePhone":"","_VenueURL":"","_VenueStateProvince":"","_VenueLat":"","_VenueLng":"","_VenueShowMap":false,"_VenueShowMapLink":false,"footnotes":""},"class_list":["post-77","page","type-page","status-publish","hentry","without-featured-image"],"yoast_head":"<!-- This site is optimized with the Yoast SEO plugin v27.1.1 - https:\/\/yoast.com\/product\/yoast-seo-wordpress\/ -->\n<title>Favoriser l\u2019acc\u00e8s au foncier - ADEAR Limousin<\/title>\n<meta name=\"robots\" content=\"index, follow, max-snippet:-1, max-image-preview:large, max-video-preview:-1\" \/>\n<link rel=\"canonical\" href=\"https:\/\/adearlimousin.com\/index.php\/installation-agriculture-limousin\/favoriser-lacces-au-foncier\/\" \/>\n<meta property=\"og:locale\" content=\"fr_FR\" \/>\n<meta property=\"og:type\" content=\"article\" \/>\n<meta property=\"og:title\" content=\"Favoriser l\u2019acc\u00e8s au foncier - ADEAR Limousin\" \/>\n<meta property=\"og:description\" content=\"R\u00e9servez votre semaine du 5 au 15 novembre pour nos journ\u00e9es passage de relais 2019 ! &gt;&gt;&gt; des visites de fermes en limousin et dans toute la nouvelle aquitaine Pr\u00e9-programme &hellip; Lire la suite Favoriser l\u2019acc\u00e8s au foncier\" \/>\n<meta property=\"og:url\" content=\"https:\/\/adearlimousin.com\/index.php\/installation-agriculture-limousin\/favoriser-lacces-au-foncier\/\" \/>\n<meta property=\"og:site_name\" content=\"ADEAR Limousin\" \/>\n<meta property=\"article:publisher\" content=\"https:\/\/www.facebook.com\/adearlimousin\" \/>\n<meta property=\"article:modified_time\" content=\"2021-03-04T09:51:50+00:00\" \/>\n<meta property=\"og:image\" content=\"https:\/\/adearlimousin.com\/wp-content\/uploads\/2019\/08\/SaveTheDate-PdeRELAIS2019-sansLogo-273x300.jpg\" \/>\n<meta name=\"twitter:card\" content=\"summary_large_image\" \/>\n<meta name=\"twitter:label1\" content=\"Dur\u00e9e de lecture estim\u00e9e\" \/>\n\t<meta name=\"twitter:data1\" content=\"2 minutes\" \/>\n<script type=\"application\/ld+json\" class=\"yoast-schema-graph\">{\"@context\":\"https:\/\/schema.org\",\"@graph\":[{\"@type\":\"WebPage\",\"@id\":\"https:\/\/adearlimousin.com\/index.php\/installation-agriculture-limousin\/favoriser-lacces-au-foncier\/\",\"url\":\"https:\/\/adearlimousin.com\/index.php\/installation-agriculture-limousin\/favoriser-lacces-au-foncier\/\",\"name\":\"Favoriser l\u2019acc\u00e8s au foncier - ADEAR Limousin\",\"isPartOf\":{\"@id\":\"https:\/\/adearlimousin.com\/#website\"},\"primaryImageOfPage\":{\"@id\":\"https:\/\/adearlimousin.com\/index.php\/installation-agriculture-limousin\/favoriser-lacces-au-foncier\/#primaryimage\"},\"image\":{\"@id\":\"https:\/\/adearlimousin.com\/index.php\/installation-agriculture-limousin\/favoriser-lacces-au-foncier\/#primaryimage\"},\"thumbnailUrl\":\"https:\/\/adearlimousin.com\/wp-content\/uploads\/2019\/08\/SaveTheDate-PdeRELAIS2019-sansLogo-273x300.jpg\",\"datePublished\":\"2016-10-07T15:20:28+00:00\",\"dateModified\":\"2021-03-04T09:51:50+00:00\",\"breadcrumb\":{\"@id\":\"https:\/\/adearlimousin.com\/index.php\/installation-agriculture-limousin\/favoriser-lacces-au-foncier\/#breadcrumb\"},\"inLanguage\":\"fr-FR\",\"potentialAction\":[{\"@type\":\"ReadAction\",\"target\":[\"https:\/\/adearlimousin.com\/index.php\/installation-agriculture-limousin\/favoriser-lacces-au-foncier\/\"]}]},{\"@type\":\"ImageObject\",\"inLanguage\":\"fr-FR\",\"@id\":\"https:\/\/adearlimousin.com\/index.php\/installation-agriculture-limousin\/favoriser-lacces-au-foncier\/#primaryimage\",\"url\":\"https:\/\/adearlimousin.com\/wp-content\/uploads\/2019\/08\/SaveTheDate-PdeRELAIS2019-sansLogo.jpg\",\"contentUrl\":\"https:\/\/adearlimousin.com\/wp-content\/uploads\/2019\/08\/SaveTheDate-PdeRELAIS2019-sansLogo.jpg\",\"width\":1240,\"height\":1365},{\"@type\":\"BreadcrumbList\",\"@id\":\"https:\/\/adearlimousin.com\/index.php\/installation-agriculture-limousin\/favoriser-lacces-au-foncier\/#breadcrumb\",\"itemListElement\":[{\"@type\":\"ListItem\",\"position\":1,\"name\":\"Accueil\",\"item\":\"https:\/\/adearlimousin.com\/\"},{\"@type\":\"ListItem\",\"position\":2,\"name\":\"S&rsquo;installer paysan\u00b7ne\",\"item\":\"https:\/\/adearlimousin.com\/index.php\/installation-agriculture-limousin\/\"},{\"@type\":\"ListItem\",\"position\":3,\"name\":\"Favoriser l\u2019acc\u00e8s au foncier\"}]},{\"@type\":\"WebSite\",\"@id\":\"https:\/\/adearlimousin.com\/#website\",\"url\":\"https:\/\/adearlimousin.com\/\",\"name\":\"ADEAR Limousin\",\"description\":\"\u00catre paysan\u00b7ne en Limousin\",\"publisher\":{\"@id\":\"https:\/\/adearlimousin.com\/#organization\"},\"potentialAction\":[{\"@type\":\"SearchAction\",\"target\":{\"@type\":\"EntryPoint\",\"urlTemplate\":\"https:\/\/adearlimousin.com\/?s={search_term_string}\"},\"query-input\":{\"@type\":\"PropertyValueSpecification\",\"valueRequired\":true,\"valueName\":\"search_term_string\"}}],\"inLanguage\":\"fr-FR\"},{\"@type\":\"Organization\",\"@id\":\"https:\/\/adearlimousin.com\/#organization\",\"name\":\"Adear Limousin\",\"url\":\"https:\/\/adearlimousin.com\/\",\"logo\":{\"@type\":\"ImageObject\",\"inLanguage\":\"fr-FR\",\"@id\":\"https:\/\/adearlimousin.com\/#\/schema\/logo\/image\/\",\"url\":\"https:\/\/adearlimousin.com\/wp-content\/uploads\/2017\/04\/ADEARLimousin-RAP_V14cm.jpg\",\"contentUrl\":\"https:\/\/adearlimousin.com\/wp-content\/uploads\/2017\/04\/ADEARLimousin-RAP_V14cm.jpg\",\"width\":142,\"height\":118,\"caption\":\"Adear Limousin\"},\"image\":{\"@id\":\"https:\/\/adearlimousin.com\/#\/schema\/logo\/image\/\"},\"sameAs\":[\"https:\/\/www.facebook.com\/adearlimousin\"]}]}<\/script>\n<!-- \/ Yoast SEO plugin. -->","yoast_head_json":{"title":"Favoriser l\u2019acc\u00e8s au foncier - ADEAR Limousin","robots":{"index":"index","follow":"follow","max-snippet":"max-snippet:-1","max-image-preview":"max-image-preview:large","max-video-preview":"max-video-preview:-1"},"canonical":"https:\/\/adearlimousin.com\/index.php\/installation-agriculture-limousin\/favoriser-lacces-au-foncier\/","og_locale":"fr_FR","og_type":"article","og_title":"Favoriser l\u2019acc\u00e8s au foncier - ADEAR Limousin","og_description":"R\u00e9servez votre semaine du 5 au 15 novembre pour nos journ\u00e9es passage de relais 2019 ! &gt;&gt;&gt; des visites de fermes en limousin et dans toute la nouvelle aquitaine Pr\u00e9-programme &hellip; Lire la suite Favoriser l\u2019acc\u00e8s au foncier","og_url":"https:\/\/adearlimousin.com\/index.php\/installation-agriculture-limousin\/favoriser-lacces-au-foncier\/","og_site_name":"ADEAR Limousin","article_publisher":"https:\/\/www.facebook.com\/adearlimousin","article_modified_time":"2021-03-04T09:51:50+00:00","og_image":[{"url":"https:\/\/adearlimousin.com\/wp-content\/uploads\/2019\/08\/SaveTheDate-PdeRELAIS2019-sansLogo-273x300.jpg","type":"","width":"","height":""}],"twitter_card":"summary_large_image","twitter_misc":{"Dur\u00e9e de lecture estim\u00e9e":"2 minutes"},"schema":{"@context":"https:\/\/schema.org","@graph":[{"@type":"WebPage","@id":"https:\/\/adearlimousin.com\/index.php\/installation-agriculture-limousin\/favoriser-lacces-au-foncier\/","url":"https:\/\/adearlimousin.com\/index.php\/installation-agriculture-limousin\/favoriser-lacces-au-foncier\/","name":"Favoriser l\u2019acc\u00e8s au foncier - ADEAR Limousin","isPartOf":{"@id":"https:\/\/adearlimousin.com\/#website"},"primaryImageOfPage":{"@id":"https:\/\/adearlimousin.com\/index.php\/installation-agriculture-limousin\/favoriser-lacces-au-foncier\/#primaryimage"},"image":{"@id":"https:\/\/adearlimousin.com\/index.php\/installation-agriculture-limousin\/favoriser-lacces-au-foncier\/#primaryimage"},"thumbnailUrl":"https:\/\/adearlimousin.com\/wp-content\/uploads\/2019\/08\/SaveTheDate-PdeRELAIS2019-sansLogo-273x300.jpg","datePublished":"2016-10-07T15:20:28+00:00","dateModified":"2021-03-04T09:51:50+00:00","breadcrumb":{"@id":"https:\/\/adearlimousin.com\/index.php\/installation-agriculture-limousin\/favoriser-lacces-au-foncier\/#breadcrumb"},"inLanguage":"fr-FR","potentialAction":[{"@type":"ReadAction","target":["https:\/\/adearlimousin.com\/index.php\/installation-agriculture-limousin\/favoriser-lacces-au-foncier\/"]}]},{"@type":"ImageObject","inLanguage":"fr-FR","@id":"https:\/\/adearlimousin.com\/index.php\/installation-agriculture-limousin\/favoriser-lacces-au-foncier\/#primaryimage","url":"https:\/\/adearlimousin.com\/wp-content\/uploads\/2019\/08\/SaveTheDate-PdeRELAIS2019-sansLogo.jpg","contentUrl":"https:\/\/adearlimousin.com\/wp-content\/uploads\/2019\/08\/SaveTheDate-PdeRELAIS2019-sansLogo.jpg","width":1240,"height":1365},{"@type":"BreadcrumbList","@id":"https:\/\/adearlimousin.com\/index.php\/installation-agriculture-limousin\/favoriser-lacces-au-foncier\/#breadcrumb","itemListElement":[{"@type":"ListItem","position":1,"name":"Accueil","item":"https:\/\/adearlimousin.com\/"},{"@type":"ListItem","position":2,"name":"S&rsquo;installer paysan\u00b7ne","item":"https:\/\/adearlimousin.com\/index.php\/installation-agriculture-limousin\/"},{"@type":"ListItem","position":3,"name":"Favoriser l\u2019acc\u00e8s au foncier"}]},{"@type":"WebSite","@id":"https:\/\/adearlimousin.com\/#website","url":"https:\/\/adearlimousin.com\/","name":"ADEAR Limousin","description":"\u00catre paysan\u00b7ne en Limousin","publisher":{"@id":"https:\/\/adearlimousin.com\/#organization"},"potentialAction":[{"@type":"SearchAction","target":{"@type":"EntryPoint","urlTemplate":"https:\/\/adearlimousin.com\/?s={search_term_string}"},"query-input":{"@type":"PropertyValueSpecification","valueRequired":true,"valueName":"search_term_string"}}],"inLanguage":"fr-FR"},{"@type":"Organization","@id":"https:\/\/adearlimousin.com\/#organization","name":"Adear Limousin","url":"https:\/\/adearlimousin.com\/","logo":{"@type":"ImageObject","inLanguage":"fr-FR","@id":"https:\/\/adearlimousin.com\/#\/schema\/logo\/image\/","url":"https:\/\/adearlimousin.com\/wp-content\/uploads\/2017\/04\/ADEARLimousin-RAP_V14cm.jpg","contentUrl":"https:\/\/adearlimousin.com\/wp-content\/uploads\/2017\/04\/ADEARLimousin-RAP_V14cm.jpg","width":142,"height":118,"caption":"Adear Limousin"},"image":{"@id":"https:\/\/adearlimousin.com\/#\/schema\/logo\/image\/"},"sameAs":["https:\/\/www.facebook.com\/adearlimousin"]}]}},"uagb_featured_image_src":{"full":false,"thumbnail":false,"medium":false,"medium_large":false,"large":false,"1536x1536":false,"2048x2048":false,"post-thumbnail":false,"sela-hero-thumbnail":false,"sela-page-thumbnail":false,"sela-grid-thumbnail":false,"sela-testimonial-thumbnail":false,"sela-logo":false},"uagb_author_info":{"display_name":"Adearlim","author_link":"https:\/\/adearlimousin.com\/index.php\/author\/admin3869\/"},"uagb_comment_info":0,"uagb_excerpt":"R\u00e9servez votre semaine du 5 au 15 novembre pour nos journ\u00e9es passage de relais 2019 ! &gt;&gt;&gt; des visites de fermes en limousin et dans toute la nouvelle aquitaine Pr\u00e9-programme &hellip; Lire la suite Favoriser l\u2019acc\u00e8s au foncier","jetpack_sharing_enabled":true,"jetpack_shortlink":"https:\/\/wp.me\/P8DPFj-1f","jetpack_likes_enabled":false,"_links":{"self":[{"href":"https:\/\/adearlimousin.com\/index.php\/wp-json\/wp\/v2\/pages\/77","targetHints":{"allow":["GET"]}}],"collection":[{"href":"https:\/\/adearlimousin.com\/index.php\/wp-json\/wp\/v2\/pages"}],"about":[{"href":"https:\/\/adearlimousin.com\/index.php\/wp-json\/wp\/v2\/types\/page"}],"author":[{"embeddable":true,"href":"https:\/\/adearlimousin.com\/index.php\/wp-json\/wp\/v2\/users\/1"}],"replies":[{"embeddable":true,"href":"https:\/\/adearlimousin.com\/index.php\/wp-json\/wp\/v2\/comments?post=77"}],"version-history":[{"count":12,"href":"https:\/\/adearlimousin.com\/index.php\/wp-json\/wp\/v2\/pages\/77\/revisions"}],"predecessor-version":[{"id":4717,"href":"https:\/\/adearlimousin.com\/index.php\/wp-json\/wp\/v2\/pages\/77\/revisions\/4717"}],"up":[{"embeddable":true,"href":"https:\/\/adearlimousin.com\/index.php\/wp-json\/wp\/v2\/pages\/19"}],"wp:attachment":[{"href":"https:\/\/adearlimousin.com\/index.php\/wp-json\/wp\/v2\/media?parent=77"}],"curies":[{"name":"wp","href":"https:\/\/api.w.org\/{rel}","templated":true}]}}